{"id":2411,"date":"2019-01-06T12:24:00","date_gmt":"2019-01-06T11:24:00","guid":{"rendered":"https:\/\/feuerwehr-rehau.de\/?post_type=einsatz&#038;p=2411"},"modified":"2019-01-10T15:22:19","modified_gmt":"2019-01-10T14:22:19","slug":"brand-garage-pkw","status":"publish","type":"einsatz","link":"https:\/\/feuerwehr-rehau.de\/?einsatz=brand-garage-pkw","title":{"rendered":"Brand Garage\/PKW"},"content":{"rendered":"<p>Zu einem Garagenbrand wurden die Rehauer Einsatzkr\u00e4fte in den Mittagsstunden des Dreik\u00f6nigstag alarmiert. Aus einer verschlossenen Garage in der Mozartstra\u00dfe drang dunkler Brandrauch!<\/p>\n<p>Durch die Besatzung des L\u00f6schgruppenfahrzeuges wurde umgehend ein Aufbau vorbereitet und parallel dazu durch den Angriffstrupp, ausger\u00fcstet mit schwerem Atemschutz, das Garagentor gewaltsam ge\u00f6ffnet. Da in der Brandgarage ein automatisches Tor verbaut war, mussten die \u00d6ffnungsstreben mittels Elektroflex getrennt werden.<\/p>\n<p>Im Inneren der Garage fand man schlie\u00dflich einen im Frontbereich brennenden Mercedes vor, welcher durch den Angriffstrupp \u00fcber ein CAFS-L\u00f6schrohr abgel\u00f6scht wurde.<\/p>\n<p>Aufgrund der starken Rauchentwicklung wurde w\u00e4hrend der L\u00f6scharbeiten die Garage bel\u00fcftet und im Anschluss der PKW ins Freie verbracht.<\/p>\n<p>Zum entstandenen Schaden und zur Brandursache kann von Seiten der Feuerwehr keine Angaben gemacht werden.<\/p>\n<p style=\"text-align: right;\">VoBu<\/p>\n\n\t\t<style type=\"text\/css\">\n\t\t\t#gallery-1 {\n\t\t\t\tmargin: auto;\n\t\t\t}\n\t\t\t#gallery-1 .gallery-item {\n\t\t\t\tfloat: left;\n\t\t\t\tmargin-top: 10px;\n\t\t\t\ttext-align: center;\n\t\t\t\twidth: 16%;\n\t\t\t}\n\t\t\t#gallery-1 img {\n\t\t\t\tborder: 2px solid #cfcfcf;\n\t\t\t}\n\t\t\t#gallery-1 .gallery-caption {\n\t\t\t\tmargin-left: 0;\n\t\t\t}\n\t\t\t\/* see gallery_shortcode() in wp-includes\/media.php *\/\n\t\t<\/style>\n\t\t<div id='gallery-1' class='gallery galleryid-2411 gallery-columns-6 gallery-size-medium'><dl class='gallery-item'>\n\t\t\t<dt class='gallery-icon landscape'>\n\t\t\t\t<a class=\"grouped_elements\" rel=\"tc-fancybox-group\" href=\"https:\/\/feuerwehr-rehau.de\/wp-content\/uploads\/2019\/01\/IMG_7196.jpg\" title=\"Brand PKW in Garage\"><img decoding=\"async\" width=\"1600\" height=\"1066\" src=\"https:\/\/feuerwehr-rehau.de\/wp-content\/uploads\/2019\/01\/IMG_7196-1600x1066.jpg\" class=\"attachment-medium size-medium\" alt=\"\" \/><\/a>\n\t\t\t<\/dt>\n\t\t\t\t<dd class='wp-caption-text gallery-caption' id='gallery-1-2412'>\n\t\t\t\tBrand PKW in Garage\n\t\t\t\t<\/dd><\/dl><dl class='gallery-item'>\n\t\t\t<dt class='gallery-icon landscape'>\n\t\t\t\t<a class=\"grouped_elements\" rel=\"tc-fancybox-group\" href=\"https:\/\/feuerwehr-rehau.de\/wp-content\/uploads\/2019\/01\/IMG_7201.jpg\" title=\"Brand PKW in Garage\"><img decoding=\"async\" width=\"1600\" height=\"1066\" src=\"https:\/\/feuerwehr-rehau.de\/wp-content\/uploads\/2019\/01\/IMG_7201-1600x1066.jpg\" class=\"attachment-medium size-medium\" alt=\"\" \/><\/a>\n\t\t\t<\/dt>\n\t\t\t\t<dd class='wp-caption-text gallery-caption' id='gallery-1-2414'>\n\t\t\t\tBrand PKW in Garage\n\t\t\t\t<\/dd><\/dl><dl class='gallery-item'>\n\t\t\t<dt class='gallery-icon landscape'>\n\t\t\t\t<a class=\"grouped_elements\" rel=\"tc-fancybox-group\" href=\"https:\/\/feuerwehr-rehau.de\/wp-content\/uploads\/2019\/01\/IMG_7199.jpg\" title=\"Brand PKW in Garage\"><img decoding=\"async\" width=\"1600\" height=\"1066\" src=\"https:\/\/feuerwehr-rehau.de\/wp-content\/uploads\/2019\/01\/IMG_7199-1600x1066.jpg\" class=\"attachment-medium size-medium\" alt=\"\" \/><\/a>\n\t\t\t<\/dt>\n\t\t\t\t<dd class='wp-caption-text gallery-caption' id='gallery-1-2413'>\n\t\t\t\tBrand PKW in Garage\n\t\t\t\t<\/dd><\/dl><dl class='gallery-item'>\n\t\t\t<dt class='gallery-icon landscape'>\n\t\t\t\t<a class=\"grouped_elements\" rel=\"tc-fancybox-group\" href=\"https:\/\/feuerwehr-rehau.de\/wp-content\/uploads\/2019\/01\/IMG_7203.jpg\" title=\"Brand PKW in Garage\"><img decoding=\"async\" width=\"1600\" height=\"1066\" src=\"https:\/\/feuerwehr-rehau.de\/wp-content\/uploads\/2019\/01\/IMG_7203-1600x1066.jpg\" class=\"attachment-medium size-medium\" alt=\"\" \/><\/a>\n\t\t\t<\/dt>\n\t\t\t\t<dd class='wp-caption-text gallery-caption' id='gallery-1-2415'>\n\t\t\t\tBrand PKW in Garage\n\t\t\t\t<\/dd><\/dl><dl class='gallery-item'>\n\t\t\t<dt class='gallery-icon landscape'>\n\t\t\t\t<a class=\"grouped_elements\" rel=\"tc-fancybox-group\" href=\"https:\/\/feuerwehr-rehau.de\/wp-content\/uploads\/2019\/01\/IMG_7205.jpg\" title=\"Brand PKW in Garage\"><img decoding=\"async\" width=\"1600\" height=\"1066\" src=\"https:\/\/feuerwehr-rehau.de\/wp-content\/uploads\/2019\/01\/IMG_7205-1600x1066.jpg\" class=\"attachment-medium size-medium\" alt=\"\" \/><\/a>\n\t\t\t<\/dt>\n\t\t\t\t<dd class='wp-caption-text gallery-caption' id='gallery-1-2416'>\n\t\t\t\tBrand PKW in Garage\n\t\t\t\t<\/dd><\/dl>\n\t\t\t<br style='clear: both' \/>\n\t\t<\/div>\n\n","protected":false},"author":4,"featured_media":0,"template":"","meta":{"einsatz_weight":1,"footnotes":""},"categories":[509],"tags":[],"einsatzart":[446],"fahrzeug":[448,456,454],"exteinsatzmittel":[463,452],"alarmierungsart":[],"evw_unit":[],"class_list":{"0":"post-2411","1":"einsatz","2":"type-einsatz","3":"status-publish","5":"category-archiv_","6":"einsatzart-brandeinsatz","7":"fahrzeug-elw-1","8":"fahrzeug-hlf-1620","9":"fahrzeug-lf-2016-p750-cafs","10":"exteinsatzmittel-land-2","11":"exteinsatzmittel-land-21","12":"czr-hentry"},"_links":{"self":[{"href":"https:\/\/feuerwehr-rehau.de\/index.php?rest_route=\/wp\/v2\/einsatz\/2411","targetHints":{"allow":["GET"]}}],"collection":[{"href":"https:\/\/feuerwehr-rehau.de\/index.php?rest_route=\/wp\/v2\/einsatz"}],"about":[{"href":"https:\/\/feuerwehr-rehau.de\/index.php?rest_route=\/wp\/v2\/types\/einsatz"}],"author":[{"embeddable":true,"href":"https:\/\/feuerwehr-rehau.de\/index.php?rest_route=\/wp\/v2\/users\/4"}],"version-history":[{"count":2,"href":"https:\/\/feuerwehr-rehau.de\/index.php?rest_route=\/wp\/v2\/einsatz\/2411\/revisions"}],"predecessor-version":[{"id":2418,"href":"https:\/\/feuerwehr-rehau.de\/index.php?rest_route=\/wp\/v2\/einsatz\/2411\/revisions\/2418"}],"wp:attachment":[{"href":"https:\/\/feuerwehr-rehau.de\/index.php?rest_route=%2Fwp%2Fv2%2Fmedia&parent=2411"}],"wp:term":[{"taxonomy":"category","embeddable":true,"href":"https:\/\/feuerwehr-rehau.de\/index.php?rest_route=%2Fwp%2Fv2%2Fcategories&post=2411"},{"taxonomy":"post_tag","embeddable":true,"href":"https:\/\/feuerwehr-rehau.de\/index.php?rest_route=%2Fwp%2Fv2%2Ftags&post=2411"},{"taxonomy":"einsatzart","embeddable":true,"href":"https:\/\/feuerwehr-rehau.de\/index.php?rest_route=%2Fwp%2Fv2%2Feinsatzart&post=2411"},{"taxonomy":"fahrzeug","embeddable":true,"href":"https:\/\/feuerwehr-rehau.de\/index.php?rest_route=%2Fwp%2Fv2%2Ffahrzeug&post=2411"},{"taxonomy":"exteinsatzmittel","embeddable":true,"href":"https:\/\/feuerwehr-rehau.de\/index.php?rest_route=%2Fwp%2Fv2%2Fexteinsatzmittel&post=2411"},{"taxonomy":"alarmierungsart","embeddable":true,"href":"https:\/\/feuerwehr-rehau.de\/index.php?rest_route=%2Fwp%2Fv2%2Falarmierungsart&post=2411"},{"taxonomy":"evw_unit","embeddable":true,"href":"https:\/\/feuerwehr-rehau.de\/index.php?rest_route=%2Fwp%2Fv2%2Fevw_unit&post=2411"}],"curies":[{"name":"wp","href":"https:\/\/api.w.org\/{rel}","templated":true}]}}