{"id":2746,"date":"2020-02-13T19:33:00","date_gmt":"2020-02-13T18:33:00","guid":{"rendered":"https:\/\/feuerwehr-rehau.de\/?post_type=einsatz&#038;p=2746"},"modified":"2020-03-02T16:25:02","modified_gmt":"2020-03-02T15:25:02","slug":"zimmerbrand-3","status":"publish","type":"einsatz","link":"https:\/\/feuerwehr-rehau.de\/?einsatz=zimmerbrand-3","title":{"rendered":"Zimmerbrand"},"content":{"rendered":"<p>Zu einem gemeldeten Zimmerbrand wurden Wir in den Abendstunden des 13.02. gerufen. Eine Kerze hat Teile des Fensters in Brand gesetzt. Gl\u00fccklicher Weise fuhr ein Feuerwehrkamerad privat an dem Brandobjekt vorbei und entdeckte den Schwelbrand fr\u00fchzeitig, sodass die alarmierte Feuerwehr nur noch mit L\u00fcftungsma\u00dfnahmen betreut waren.<\/p>\n\n\t\t<style type=\"text\/css\">\n\t\t\t#gallery-1 {\n\t\t\t\tmargin: auto;\n\t\t\t}\n\t\t\t#gallery-1 .gallery-item {\n\t\t\t\tfloat: left;\n\t\t\t\tmargin-top: 10px;\n\t\t\t\ttext-align: center;\n\t\t\t\twidth: 33%;\n\t\t\t}\n\t\t\t#gallery-1 img {\n\t\t\t\tborder: 2px solid #cfcfcf;\n\t\t\t}\n\t\t\t#gallery-1 .gallery-caption {\n\t\t\t\tmargin-left: 0;\n\t\t\t}\n\t\t\t\/* see gallery_shortcode() in wp-includes\/media.php *\/\n\t\t<\/style>\n\t\t<div id='gallery-1' class='gallery galleryid-2746 gallery-columns-3 gallery-size-thumbnail'><dl class='gallery-item'>\n\t\t\t<dt class='gallery-icon landscape'>\n\t\t\t\t<a class=\"grouped_elements\" rel=\"tc-fancybox-group\" href=\"https:\/\/feuerwehr-rehau.de\/wp-content\/uploads\/2020\/02\/IMG-20200228-WA0035.jpg\" title=\"IMG-20200228-WA0035\"><img decoding=\"async\" width=\"200\" height=\"200\" src=\"https:\/\/feuerwehr-rehau.de\/wp-content\/uploads\/2020\/02\/IMG-20200228-WA0035-200x200.jpg\" class=\"attachment-thumbnail size-thumbnail\" alt=\"\" \/><\/a>\n\t\t\t<\/dt><\/dl><dl class='gallery-item'>\n\t\t\t<dt class='gallery-icon landscape'>\n\t\t\t\t<a class=\"grouped_elements\" rel=\"tc-fancybox-group\" href=\"https:\/\/feuerwehr-rehau.de\/wp-content\/uploads\/2020\/02\/IMG-20200228-WA0039.jpg\" title=\"IMG-20200228-WA0039\"><img decoding=\"async\" width=\"200\" height=\"200\" src=\"https:\/\/feuerwehr-rehau.de\/wp-content\/uploads\/2020\/02\/IMG-20200228-WA0039-200x200.jpg\" class=\"attachment-thumbnail size-thumbnail\" alt=\"\" \/><\/a>\n\t\t\t<\/dt><\/dl><dl class='gallery-item'>\n\t\t\t<dt class='gallery-icon landscape'>\n\t\t\t\t<a class=\"grouped_elements\" rel=\"tc-fancybox-group\" href=\"https:\/\/feuerwehr-rehau.de\/wp-content\/uploads\/2020\/02\/IMG-20200228-WA0033.jpg\" title=\"IMG-20200228-WA0033\"><img decoding=\"async\" width=\"200\" height=\"200\" src=\"https:\/\/feuerwehr-rehau.de\/wp-content\/uploads\/2020\/02\/IMG-20200228-WA0033-200x200.jpg\" class=\"attachment-thumbnail size-thumbnail\" alt=\"\" \/><\/a>\n\t\t\t<\/dt><\/dl><br style=\"clear: both\" \/>\n\t\t<\/div>\n\n","protected":false},"author":72,"featured_media":2752,"template":"","meta":{"einsatz_weight":1,"footnotes":""},"categories":[509],"tags":[],"einsatzart":[446],"fahrzeug":[455,448,456,454],"exteinsatzmittel":[463,452],"alarmierungsart":[],"evw_unit":[],"class_list":{"0":"post-2746","1":"einsatz","2":"type-einsatz","3":"status-publish","4":"has-post-thumbnail","6":"category-archiv_","7":"einsatzart-brandeinsatz","8":"fahrzeug-dlk-23-12","9":"fahrzeug-elw-1","10":"fahrzeug-hlf-1620","11":"fahrzeug-lf-2016-p750-cafs","12":"exteinsatzmittel-land-2","13":"exteinsatzmittel-land-21","14":"czr-hentry"},"_links":{"self":[{"href":"https:\/\/feuerwehr-rehau.de\/index.php?rest_route=\/wp\/v2\/einsatz\/2746","targetHints":{"allow":["GET"]}}],"collection":[{"href":"https:\/\/feuerwehr-rehau.de\/index.php?rest_route=\/wp\/v2\/einsatz"}],"about":[{"href":"https:\/\/feuerwehr-rehau.de\/index.php?rest_route=\/wp\/v2\/types\/einsatz"}],"author":[{"embeddable":true,"href":"https:\/\/feuerwehr-rehau.de\/index.php?rest_route=\/wp\/v2\/users\/72"}],"version-history":[{"count":5,"href":"https:\/\/feuerwehr-rehau.de\/index.php?rest_route=\/wp\/v2\/einsatz\/2746\/revisions"}],"predecessor-version":[{"id":2788,"href":"https:\/\/feuerwehr-rehau.de\/index.php?rest_route=\/wp\/v2\/einsatz\/2746\/revisions\/2788"}],"wp:featuredmedia":[{"embeddable":true,"href":"https:\/\/feuerwehr-rehau.de\/index.php?rest_route=\/wp\/v2\/media\/2752"}],"wp:attachment":[{"href":"https:\/\/feuerwehr-rehau.de\/index.php?rest_route=%2Fwp%2Fv2%2Fmedia&parent=2746"}],"wp:term":[{"taxonomy":"category","embeddable":true,"href":"https:\/\/feuerwehr-rehau.de\/index.php?rest_route=%2Fwp%2Fv2%2Fcategories&post=2746"},{"taxonomy":"post_tag","embeddable":true,"href":"https:\/\/feuerwehr-rehau.de\/index.php?rest_route=%2Fwp%2Fv2%2Ftags&post=2746"},{"taxonomy":"einsatzart","embeddable":true,"href":"https:\/\/feuerwehr-rehau.de\/index.php?rest_route=%2Fwp%2Fv2%2Feinsatzart&post=2746"},{"taxonomy":"fahrzeug","embeddable":true,"href":"https:\/\/feuerwehr-rehau.de\/index.php?rest_route=%2Fwp%2Fv2%2Ffahrzeug&post=2746"},{"taxonomy":"exteinsatzmittel","embeddable":true,"href":"https:\/\/feuerwehr-rehau.de\/index.php?rest_route=%2Fwp%2Fv2%2Fexteinsatzmittel&post=2746"},{"taxonomy":"alarmierungsart","embeddable":true,"href":"https:\/\/feuerwehr-rehau.de\/index.php?rest_route=%2Fwp%2Fv2%2Falarmierungsart&post=2746"},{"taxonomy":"evw_unit","embeddable":true,"href":"https:\/\/feuerwehr-rehau.de\/index.php?rest_route=%2Fwp%2Fv2%2Fevw_unit&post=2746"}],"curies":[{"name":"wp","href":"https:\/\/api.w.org\/{rel}","templated":true}]}}