{"id":5411,"date":"2022-02-23T00:34:00","date_gmt":"2022-02-22T23:34:00","guid":{"rendered":"https:\/\/feuerwehr-rehau.de\/?post_type=einsatz&#038;p=5411"},"modified":"2022-02-23T03:00:25","modified_gmt":"2022-02-23T02:00:25","slug":"wohnhausbrand","status":"publish","type":"einsatz","link":"https:\/\/feuerwehr-rehau.de\/?einsatz=wohnhausbrand","title":{"rendered":"Wohnhausbrand"},"content":{"rendered":"\n<p>Bei einem in Vollbrand stehenden Wohnhauses in Regnitzlosau wurde die Feuerwehr Rehau prim\u00e4r mit der Drehleiter alarmiert. Zusammen mit dem Tankl\u00f6schfahrzeug und dem Einsatzleitwagen unterst\u00fctzten wir die Kr\u00e4fte vor Ort.<\/p>\n\n\n\n<p>Im weiteren Einsatzverlauf wurde der SW 2000 noch alarmiert, kam aber nicht mehr zum Einsatz.<\/p>\n\n\n\n<figure class=\"wp-block-gallery columns-4 is-cropped wp-block-gallery-1 is-layout-flex wp-block-gallery-is-layout-flex\"><ul class=\"blocks-gallery-grid\"><li class=\"blocks-gallery-item\"><figure><a href=\"https:\/\/feuerwehr-rehau.de\/wp-content\/uploads\/2022\/02\/IMG-20220223-WA0005.jpg\"><img decoding=\"async\" width=\"1024\" height=\"768\" src=\"https:\/\/feuerwehr-rehau.de\/wp-content\/uploads\/2022\/02\/IMG-20220223-WA0005.jpg\" alt=\"\" data-id=\"5423\" data-link=\"https:\/\/feuerwehr-rehau.de\/?attachment_id=5423\" class=\"wp-image-5423\"\/><\/a><\/figure><\/li><li class=\"blocks-gallery-item\"><figure><a href=\"https:\/\/feuerwehr-rehau.de\/wp-content\/uploads\/2022\/02\/IMG-20220223-WA0008.jpg\"><img decoding=\"async\" width=\"1024\" height=\"768\" src=\"https:\/\/feuerwehr-rehau.de\/wp-content\/uploads\/2022\/02\/IMG-20220223-WA0008.jpg\" alt=\"\" data-id=\"5422\" data-link=\"https:\/\/feuerwehr-rehau.de\/?attachment_id=5422\" class=\"wp-image-5422\"\/><\/a><\/figure><\/li><li class=\"blocks-gallery-item\"><figure><a href=\"https:\/\/feuerwehr-rehau.de\/wp-content\/uploads\/2022\/02\/IMG-20220223-WA0009.jpg\"><img decoding=\"async\" width=\"768\" height=\"1024\" src=\"https:\/\/feuerwehr-rehau.de\/wp-content\/uploads\/2022\/02\/IMG-20220223-WA0009.jpg\" alt=\"\" data-id=\"5421\" data-link=\"https:\/\/feuerwehr-rehau.de\/?attachment_id=5421\" class=\"wp-image-5421\"\/><\/a><\/figure><\/li><li class=\"blocks-gallery-item\"><figure><a href=\"https:\/\/feuerwehr-rehau.de\/wp-content\/uploads\/2022\/02\/IMG-20220223-WA0007.jpg\"><img decoding=\"async\" width=\"1024\" height=\"768\" src=\"https:\/\/feuerwehr-rehau.de\/wp-content\/uploads\/2022\/02\/IMG-20220223-WA0007.jpg\" alt=\"\" data-id=\"5420\" data-link=\"https:\/\/feuerwehr-rehau.de\/?attachment_id=5420\" class=\"wp-image-5420\"\/><\/a><\/figure><\/li><li class=\"blocks-gallery-item\"><figure><a href=\"https:\/\/feuerwehr-rehau.de\/wp-content\/uploads\/2022\/02\/IMG-20220223-WA0006.jpg\"><img decoding=\"async\" width=\"1024\" height=\"768\" src=\"https:\/\/feuerwehr-rehau.de\/wp-content\/uploads\/2022\/02\/IMG-20220223-WA0006.jpg\" alt=\"\" data-id=\"5419\" data-link=\"https:\/\/feuerwehr-rehau.de\/?attachment_id=5419\" class=\"wp-image-5419\"\/><\/a><\/figure><\/li><li class=\"blocks-gallery-item\"><figure><a href=\"https:\/\/feuerwehr-rehau.de\/wp-content\/uploads\/2022\/02\/IMG_20220223_014050-2500x1875.jpg\"><img decoding=\"async\" width=\"2500\" height=\"1875\" src=\"https:\/\/feuerwehr-rehau.de\/wp-content\/uploads\/2022\/02\/IMG_20220223_014050-2500x1875.jpg\" alt=\"\" data-id=\"5417\" data-link=\"https:\/\/feuerwehr-rehau.de\/?attachment_id=5417\" class=\"wp-image-5417\" srcset=\"https:\/\/feuerwehr-rehau.de\/wp-content\/uploads\/2022\/02\/IMG_20220223_014050-2500x1875.jpg 2500w, https:\/\/feuerwehr-rehau.de\/wp-content\/uploads\/2022\/02\/IMG_20220223_014050-1600x1200.jpg 1600w, https:\/\/feuerwehr-rehau.de\/wp-content\/uploads\/2022\/02\/IMG_20220223_014050-1536x1152.jpg 1536w, https:\/\/feuerwehr-rehau.de\/wp-content\/uploads\/2022\/02\/IMG_20220223_014050-2048x1536.jpg 2048w\" sizes=\"(max-width: 2500px) 100vw, 2500px\" \/><\/a><\/figure><\/li><li class=\"blocks-gallery-item\"><figure><a href=\"https:\/\/feuerwehr-rehau.de\/wp-content\/uploads\/2022\/02\/IMG_20220223_015615-2500x1875.jpg\"><img decoding=\"async\" width=\"2500\" height=\"1875\" src=\"https:\/\/feuerwehr-rehau.de\/wp-content\/uploads\/2022\/02\/IMG_20220223_015615-2500x1875.jpg\" alt=\"\" data-id=\"5415\" data-link=\"https:\/\/feuerwehr-rehau.de\/?attachment_id=5415\" class=\"wp-image-5415\" srcset=\"https:\/\/feuerwehr-rehau.de\/wp-content\/uploads\/2022\/02\/IMG_20220223_015615-2500x1875.jpg 2500w, https:\/\/feuerwehr-rehau.de\/wp-content\/uploads\/2022\/02\/IMG_20220223_015615-1600x1200.jpg 1600w, https:\/\/feuerwehr-rehau.de\/wp-content\/uploads\/2022\/02\/IMG_20220223_015615-1536x1152.jpg 1536w, https:\/\/feuerwehr-rehau.de\/wp-content\/uploads\/2022\/02\/IMG_20220223_015615-2048x1536.jpg 2048w\" sizes=\"(max-width: 2500px) 100vw, 2500px\" \/><\/a><\/figure><\/li><li class=\"blocks-gallery-item\"><figure><a href=\"https:\/\/feuerwehr-rehau.de\/wp-content\/uploads\/2022\/02\/3648-2736-max-3-scaled.jpg\"><img decoding=\"async\" width=\"2500\" height=\"1875\" src=\"https:\/\/feuerwehr-rehau.de\/wp-content\/uploads\/2022\/02\/3648-2736-max-3-2500x1875.jpg\" alt=\"\" data-id=\"5425\" data-full-url=\"https:\/\/feuerwehr-rehau.de\/wp-content\/uploads\/2022\/02\/3648-2736-max-3-scaled.jpg\" data-link=\"https:\/\/feuerwehr-rehau.de\/?attachment_id=5425\" class=\"wp-image-5425\" srcset=\"https:\/\/feuerwehr-rehau.de\/wp-content\/uploads\/2022\/02\/3648-2736-max-3-2500x1875.jpg 2500w, https:\/\/feuerwehr-rehau.de\/wp-content\/uploads\/2022\/02\/3648-2736-max-3-1600x1200.jpg 1600w, https:\/\/feuerwehr-rehau.de\/wp-content\/uploads\/2022\/02\/3648-2736-max-3-1536x1152.jpg 1536w, https:\/\/feuerwehr-rehau.de\/wp-content\/uploads\/2022\/02\/3648-2736-max-3-2048x1536.jpg 2048w\" sizes=\"(max-width: 2500px) 100vw, 2500px\" \/><\/a><\/figure><\/li><\/ul><\/figure>\n","protected":false},"author":72,"featured_media":5419,"template":"","meta":{"einsatz_weight":1,"footnotes":""},"categories":[509],"tags":[],"einsatzart":[446],"fahrzeug":[455,448,458,459],"exteinsatzmittel":[472,515,473,530,463,452],"alarmierungsart":[],"evw_unit":[564,563],"class_list":{"0":"post-5411","1":"einsatz","2":"type-einsatz","3":"status-publish","4":"has-post-thumbnail","6":"category-archiv_","7":"einsatzart-brandeinsatz","8":"fahrzeug-dlk-23-12","9":"fahrzeug-elw-1","10":"fahrzeug-sw-2000","11":"fahrzeug-tlf-2450-cafs","12":"exteinsatzmittel-feuerwehr-gattendorf","13":"exteinsatzmittel-feuerwehr-nentschau","14":"exteinsatzmittel-feuerwehr-regnitzlosau","15":"exteinsatzmittel-feuerwehr-vierschau","16":"exteinsatzmittel-land-2","17":"exteinsatzmittel-land-21","18":"evw_unit-polizei","19":"evw_unit-rettungsdienst","20":"czr-hentry"},"_links":{"self":[{"href":"https:\/\/feuerwehr-rehau.de\/index.php?rest_route=\/wp\/v2\/einsatz\/5411","targetHints":{"allow":["GET"]}}],"collection":[{"href":"https:\/\/feuerwehr-rehau.de\/index.php?rest_route=\/wp\/v2\/einsatz"}],"about":[{"href":"https:\/\/feuerwehr-rehau.de\/index.php?rest_route=\/wp\/v2\/types\/einsatz"}],"author":[{"embeddable":true,"href":"https:\/\/feuerwehr-rehau.de\/index.php?rest_route=\/wp\/v2\/users\/72"}],"version-history":[{"count":5,"href":"https:\/\/feuerwehr-rehau.de\/index.php?rest_route=\/wp\/v2\/einsatz\/5411\/revisions"}],"predecessor-version":[{"id":5427,"href":"https:\/\/feuerwehr-rehau.de\/index.php?rest_route=\/wp\/v2\/einsatz\/5411\/revisions\/5427"}],"wp:featuredmedia":[{"embeddable":true,"href":"https:\/\/feuerwehr-rehau.de\/index.php?rest_route=\/wp\/v2\/media\/5419"}],"wp:attachment":[{"href":"https:\/\/feuerwehr-rehau.de\/index.php?rest_route=%2Fwp%2Fv2%2Fmedia&parent=5411"}],"wp:term":[{"taxonomy":"category","embeddable":true,"href":"https:\/\/feuerwehr-rehau.de\/index.php?rest_route=%2Fwp%2Fv2%2Fcategories&post=5411"},{"taxonomy":"post_tag","embeddable":true,"href":"https:\/\/feuerwehr-rehau.de\/index.php?rest_route=%2Fwp%2Fv2%2Ftags&post=5411"},{"taxonomy":"einsatzart","embeddable":true,"href":"https:\/\/feuerwehr-rehau.de\/index.php?rest_route=%2Fwp%2Fv2%2Feinsatzart&post=5411"},{"taxonomy":"fahrzeug","embeddable":true,"href":"https:\/\/feuerwehr-rehau.de\/index.php?rest_route=%2Fwp%2Fv2%2Ffahrzeug&post=5411"},{"taxonomy":"exteinsatzmittel","embeddable":true,"href":"https:\/\/feuerwehr-rehau.de\/index.php?rest_route=%2Fwp%2Fv2%2Fexteinsatzmittel&post=5411"},{"taxonomy":"alarmierungsart","embeddable":true,"href":"https:\/\/feuerwehr-rehau.de\/index.php?rest_route=%2Fwp%2Fv2%2Falarmierungsart&post=5411"},{"taxonomy":"evw_unit","embeddable":true,"href":"https:\/\/feuerwehr-rehau.de\/index.php?rest_route=%2Fwp%2Fv2%2Fevw_unit&post=5411"}],"curies":[{"name":"wp","href":"https:\/\/api.w.org\/{rel}","templated":true}]}}