{"id":9511,"date":"2026-03-27T12:11:00","date_gmt":"2026-03-27T11:11:00","guid":{"rendered":"https:\/\/feuerwehr-rehau.de\/?post_type=einsatz&#038;p=9511"},"modified":"2026-03-27T14:28:46","modified_gmt":"2026-03-27T13:28:46","slug":"thl-klein-28","status":"publish","type":"einsatz","link":"https:\/\/feuerwehr-rehau.de\/?einsatz=thl-klein-28","title":{"rendered":"THL klein"},"content":{"rendered":"\n<p>Kameraden der FW Rehau kamen mit dem L\u00f6schfahrzeug zu einem Verkehrsunfall zwischen Schwarzenbach an der Saale und Kirchenlamitz dazu. Vor Ort \u00fcbernahmen sie die Verkehrsabsicherung, sowie die Sicherung des verunfallten Anh\u00e4ngers. Verletzt wurde niemand.<\/p>\n\n\n\n<figure class=\"wp-block-gallery has-nested-images columns-default is-cropped wp-block-gallery-1 is-layout-flex wp-block-gallery-is-layout-flex\">\n<figure class=\"wp-block-image size-large\"><a href=\"https:\/\/feuerwehr-rehau.de\/wp-content\/uploads\/2026\/03\/ca2200d4-11b8-4275-839a-10a33c6f7130.jpeg\"><img decoding=\"async\" width=\"1536\" height=\"2048\" data-id=\"9495\" src=\"https:\/\/feuerwehr-rehau.de\/wp-content\/uploads\/2026\/03\/ca2200d4-11b8-4275-839a-10a33c6f7130.jpeg\" alt=\"\" class=\"wp-image-9495\" srcset=\"https:\/\/feuerwehr-rehau.de\/wp-content\/uploads\/2026\/03\/ca2200d4-11b8-4275-839a-10a33c6f7130.jpeg 1536w, https:\/\/feuerwehr-rehau.de\/wp-content\/uploads\/2026\/03\/ca2200d4-11b8-4275-839a-10a33c6f7130-1200x1600.jpeg 1200w, https:\/\/feuerwehr-rehau.de\/wp-content\/uploads\/2026\/03\/ca2200d4-11b8-4275-839a-10a33c6f7130-1152x1536.jpeg 1152w\" sizes=\"(max-width: 1536px) 100vw, 1536px\" \/><\/a><\/figure>\n\n\n\n<figure class=\"wp-block-image size-large\"><a href=\"https:\/\/feuerwehr-rehau.de\/wp-content\/uploads\/2026\/03\/4aada792-7c37-43f6-8383-b80cbc4e87b0.jpeg\"><img decoding=\"async\" width=\"1536\" height=\"2048\" data-id=\"9494\" src=\"https:\/\/feuerwehr-rehau.de\/wp-content\/uploads\/2026\/03\/4aada792-7c37-43f6-8383-b80cbc4e87b0.jpeg\" alt=\"\" class=\"wp-image-9494\" srcset=\"https:\/\/feuerwehr-rehau.de\/wp-content\/uploads\/2026\/03\/4aada792-7c37-43f6-8383-b80cbc4e87b0.jpeg 1536w, https:\/\/feuerwehr-rehau.de\/wp-content\/uploads\/2026\/03\/4aada792-7c37-43f6-8383-b80cbc4e87b0-1200x1600.jpeg 1200w, https:\/\/feuerwehr-rehau.de\/wp-content\/uploads\/2026\/03\/4aada792-7c37-43f6-8383-b80cbc4e87b0-1152x1536.jpeg 1152w\" sizes=\"(max-width: 1536px) 100vw, 1536px\" \/><\/a><\/figure>\n<\/figure>\n","protected":false},"author":184,"featured_media":9494,"template":"","meta":{"einsatz_weight":1,"footnotes":""},"categories":[509],"tags":[],"einsatzart":[445],"fahrzeug":[454],"exteinsatzmittel":[],"alarmierungsart":[],"evw_unit":[564],"class_list":{"0":"post-9511","1":"einsatz","2":"type-einsatz","3":"status-publish","4":"has-post-thumbnail","6":"category-archiv_","7":"einsatzart-technische-hilfeleistung","8":"fahrzeug-lf-2016-p750-cafs","9":"evw_unit-polizei","10":"czr-hentry"},"_links":{"self":[{"href":"https:\/\/feuerwehr-rehau.de\/index.php?rest_route=\/wp\/v2\/einsatz\/9511","targetHints":{"allow":["GET"]}}],"collection":[{"href":"https:\/\/feuerwehr-rehau.de\/index.php?rest_route=\/wp\/v2\/einsatz"}],"about":[{"href":"https:\/\/feuerwehr-rehau.de\/index.php?rest_route=\/wp\/v2\/types\/einsatz"}],"author":[{"embeddable":true,"href":"https:\/\/feuerwehr-rehau.de\/index.php?rest_route=\/wp\/v2\/users\/184"}],"version-history":[{"count":1,"href":"https:\/\/feuerwehr-rehau.de\/index.php?rest_route=\/wp\/v2\/einsatz\/9511\/revisions"}],"predecessor-version":[{"id":9512,"href":"https:\/\/feuerwehr-rehau.de\/index.php?rest_route=\/wp\/v2\/einsatz\/9511\/revisions\/9512"}],"wp:featuredmedia":[{"embeddable":true,"href":"https:\/\/feuerwehr-rehau.de\/index.php?rest_route=\/wp\/v2\/media\/9494"}],"wp:attachment":[{"href":"https:\/\/feuerwehr-rehau.de\/index.php?rest_route=%2Fwp%2Fv2%2Fmedia&parent=9511"}],"wp:term":[{"taxonomy":"category","embeddable":true,"href":"https:\/\/feuerwehr-rehau.de\/index.php?rest_route=%2Fwp%2Fv2%2Fcategories&post=9511"},{"taxonomy":"post_tag","embeddable":true,"href":"https:\/\/feuerwehr-rehau.de\/index.php?rest_route=%2Fwp%2Fv2%2Ftags&post=9511"},{"taxonomy":"einsatzart","embeddable":true,"href":"https:\/\/feuerwehr-rehau.de\/index.php?rest_route=%2Fwp%2Fv2%2Feinsatzart&post=9511"},{"taxonomy":"fahrzeug","embeddable":true,"href":"https:\/\/feuerwehr-rehau.de\/index.php?rest_route=%2Fwp%2Fv2%2Ffahrzeug&post=9511"},{"taxonomy":"exteinsatzmittel","embeddable":true,"href":"https:\/\/feuerwehr-rehau.de\/index.php?rest_route=%2Fwp%2Fv2%2Fexteinsatzmittel&post=9511"},{"taxonomy":"alarmierungsart","embeddable":true,"href":"https:\/\/feuerwehr-rehau.de\/index.php?rest_route=%2Fwp%2Fv2%2Falarmierungsart&post=9511"},{"taxonomy":"evw_unit","embeddable":true,"href":"https:\/\/feuerwehr-rehau.de\/index.php?rest_route=%2Fwp%2Fv2%2Fevw_unit&post=9511"}],"curies":[{"name":"wp","href":"https:\/\/api.w.org\/{rel}","templated":true}]}}