{"id":160,"date":"2016-03-27T14:53:04","date_gmt":"2016-03-27T12:53:04","guid":{"rendered":"http:\/\/ffw-rehau.net\/wordpress\/?page_id=160"},"modified":"2021-09-09T12:23:31","modified_gmt":"2021-09-09T10:23:31","slug":"hilfeleistungsloeschfahrzeug-hlf-1620","status":"publish","type":"page","link":"https:\/\/feuerwehr-rehau.de\/?page_id=160","title":{"rendered":"Hilfeleistungsl\u00f6schfahrzeug HLF 16\/20"},"content":{"rendered":"\n<div class=\"wp-block-media-text alignwide is-stacked-on-mobile\"><figure class=\"wp-block-media-text__media\"><img decoding=\"async\" width=\"1365\" height=\"1024\" src=\"https:\/\/feuerwehr-rehau.de\/wp-content\/uploads\/2021\/08\/1365-1024.jpg\" alt=\"\" class=\"wp-image-4732 size-full\"\/><\/figure><div class=\"wp-block-media-text__content\">\n<p class=\"has-text-align-center has-large-font-size\"><\/p>\n\n\n\n<p style=\"text-align: center;\"><strong>HLF 16\/20<\/strong><\/p>\n<p style=\"text-align: center;\">Hilfeleistungsl\u00f6schfahrzeug<\/p>\n<p style=\"text-align: center;\">Florian Rehau 40\/1<\/p>\n<p style=\"text-align: center;\">Mercedes Benz Atego 1328<\/p>\n<p style=\"text-align: center;\">Baujahr 2001<\/p>\n<hr>\n<p>Als drittes Fahrzeug im L\u00f6schzug sowie als Erstfahrzeug im R\u00fcstzug r\u00fcckt in der Regel das HLF 16\/20 aus. Bei diversen technischen Hilfeleistungen, wie z.B. Kraftstoff aus PKW usw., f\u00e4hrt das HLF meist allein.&nbsp;<strong><br><\/strong><\/p>\n<p><strong>THL-Beladung:<\/strong> Spreizer Weber SP 60, Schere Weber RSX 200-107, 1 Rettungszylinder RZT2-775, 1 Rettungszylinder RZT2-1500XL, Greifzug, VU-Koffer &#8222;Modell Rehau&#8220;, S\u00e4bels\u00e4ge SKE29002VV,<\/p>\n<p><strong>Zur DIN-Beladung zus\u00e4tzlich:<\/strong> 2000 l Wasssertank, W\u00e4rmebildkamera T3Max mit Sender und mobilen Empfangssystem, mobiler Wasserwerfer, Rettungss\u00e4ge, Alarmpl\u00e4ne, Fognail, Tempest \u00dcberdruckl\u00fcfter, Schlauchpaket f\u00fcr Angriffstrupp,1 mobiler Rauchverschluss, Hygiene-Bord, Stromerzeuger 8 kVA, 2 x 1000 W-Strahler, Kabeltrommel , Lichtmast in der Fahrzeugmitte, Verkehrswarneinrichtung am Heck<\/p>\n<\/div><\/div>\n\n\n\n<p><\/p>\n\n\n\n<figure class=\"wp-block-gallery columns-7 is-cropped wp-block-gallery-1 is-layout-flex wp-block-gallery-is-layout-flex\"><ul class=\"blocks-gallery-grid\"><li class=\"blocks-gallery-item\"><figure><a href=\"https:\/\/feuerwehr-rehau.de\/wp-content\/uploads\/2021\/09\/DSC01875-scaled.jpg\"><img decoding=\"async\" width=\"2500\" height=\"1875\" src=\"https:\/\/feuerwehr-rehau.de\/wp-content\/uploads\/2021\/09\/DSC01875-2500x1875.jpg\" alt=\"\" data-id=\"4905\" data-full-url=\"https:\/\/feuerwehr-rehau.de\/wp-content\/uploads\/2021\/09\/DSC01875-scaled.jpg\" data-link=\"https:\/\/feuerwehr-rehau.de\/?attachment_id=4905\" class=\"wp-image-4905\" srcset=\"https:\/\/feuerwehr-rehau.de\/wp-content\/uploads\/2021\/09\/DSC01875-2500x1875.jpg 2500w, https:\/\/feuerwehr-rehau.de\/wp-content\/uploads\/2021\/09\/DSC01875-1600x1200.jpg 1600w, https:\/\/feuerwehr-rehau.de\/wp-content\/uploads\/2021\/09\/DSC01875-1536x1152.jpg 1536w, https:\/\/feuerwehr-rehau.de\/wp-content\/uploads\/2021\/09\/DSC01875-2048x1536.jpg 2048w\" sizes=\"(max-width: 2500px) 100vw, 2500px\" \/><\/a><\/figure><\/li><li class=\"blocks-gallery-item\"><figure><a href=\"https:\/\/feuerwehr-rehau.de\/wp-content\/uploads\/2021\/09\/DSC01879-scaled.jpg\"><img decoding=\"async\" width=\"2500\" height=\"1875\" src=\"https:\/\/feuerwehr-rehau.de\/wp-content\/uploads\/2021\/09\/DSC01879-2500x1875.jpg\" alt=\"\" data-id=\"4910\" data-full-url=\"https:\/\/feuerwehr-rehau.de\/wp-content\/uploads\/2021\/09\/DSC01879-scaled.jpg\" data-link=\"https:\/\/feuerwehr-rehau.de\/?attachment_id=4910\" class=\"wp-image-4910\" srcset=\"https:\/\/feuerwehr-rehau.de\/wp-content\/uploads\/2021\/09\/DSC01879-2500x1875.jpg 2500w, https:\/\/feuerwehr-rehau.de\/wp-content\/uploads\/2021\/09\/DSC01879-1600x1200.jpg 1600w, https:\/\/feuerwehr-rehau.de\/wp-content\/uploads\/2021\/09\/DSC01879-1536x1152.jpg 1536w, https:\/\/feuerwehr-rehau.de\/wp-content\/uploads\/2021\/09\/DSC01879-2048x1536.jpg 2048w\" sizes=\"(max-width: 2500px) 100vw, 2500px\" \/><\/a><\/figure><\/li><li class=\"blocks-gallery-item\"><figure><a href=\"https:\/\/feuerwehr-rehau.de\/wp-content\/uploads\/2021\/09\/DSC01877-scaled.jpg\"><img decoding=\"async\" width=\"2500\" height=\"1875\" src=\"https:\/\/feuerwehr-rehau.de\/wp-content\/uploads\/2021\/09\/DSC01877-2500x1875.jpg\" alt=\"\" data-id=\"4908\" data-full-url=\"https:\/\/feuerwehr-rehau.de\/wp-content\/uploads\/2021\/09\/DSC01877-scaled.jpg\" data-link=\"https:\/\/feuerwehr-rehau.de\/?attachment_id=4908\" class=\"wp-image-4908\" srcset=\"https:\/\/feuerwehr-rehau.de\/wp-content\/uploads\/2021\/09\/DSC01877-2500x1875.jpg 2500w, https:\/\/feuerwehr-rehau.de\/wp-content\/uploads\/2021\/09\/DSC01877-1600x1200.jpg 1600w, https:\/\/feuerwehr-rehau.de\/wp-content\/uploads\/2021\/09\/DSC01877-1536x1152.jpg 1536w, https:\/\/feuerwehr-rehau.de\/wp-content\/uploads\/2021\/09\/DSC01877-2048x1536.jpg 2048w\" sizes=\"(max-width: 2500px) 100vw, 2500px\" \/><\/a><\/figure><\/li><li class=\"blocks-gallery-item\"><figure><a href=\"https:\/\/feuerwehr-rehau.de\/wp-content\/uploads\/2021\/09\/DSC01881-scaled.jpg\"><img decoding=\"async\" width=\"2500\" height=\"1875\" src=\"https:\/\/feuerwehr-rehau.de\/wp-content\/uploads\/2021\/09\/DSC01881-2500x1875.jpg\" alt=\"\" data-id=\"4912\" data-full-url=\"https:\/\/feuerwehr-rehau.de\/wp-content\/uploads\/2021\/09\/DSC01881-scaled.jpg\" data-link=\"https:\/\/feuerwehr-rehau.de\/?attachment_id=4912\" class=\"wp-image-4912\" srcset=\"https:\/\/feuerwehr-rehau.de\/wp-content\/uploads\/2021\/09\/DSC01881-2500x1875.jpg 2500w, https:\/\/feuerwehr-rehau.de\/wp-content\/uploads\/2021\/09\/DSC01881-1600x1200.jpg 1600w, https:\/\/feuerwehr-rehau.de\/wp-content\/uploads\/2021\/09\/DSC01881-1536x1152.jpg 1536w, https:\/\/feuerwehr-rehau.de\/wp-content\/uploads\/2021\/09\/DSC01881-2048x1536.jpg 2048w\" sizes=\"(max-width: 2500px) 100vw, 2500px\" \/><\/a><\/figure><\/li><li class=\"blocks-gallery-item\"><figure><a href=\"https:\/\/feuerwehr-rehau.de\/wp-content\/uploads\/2021\/09\/DSC01876-scaled.jpg\"><img decoding=\"async\" width=\"2500\" height=\"1875\" src=\"https:\/\/feuerwehr-rehau.de\/wp-content\/uploads\/2021\/09\/DSC01876-2500x1875.jpg\" alt=\"\" data-id=\"4906\" data-full-url=\"https:\/\/feuerwehr-rehau.de\/wp-content\/uploads\/2021\/09\/DSC01876-scaled.jpg\" data-link=\"https:\/\/feuerwehr-rehau.de\/?attachment_id=4906\" class=\"wp-image-4906\" srcset=\"https:\/\/feuerwehr-rehau.de\/wp-content\/uploads\/2021\/09\/DSC01876-2500x1875.jpg 2500w, https:\/\/feuerwehr-rehau.de\/wp-content\/uploads\/2021\/09\/DSC01876-1600x1200.jpg 1600w, https:\/\/feuerwehr-rehau.de\/wp-content\/uploads\/2021\/09\/DSC01876-1536x1152.jpg 1536w, https:\/\/feuerwehr-rehau.de\/wp-content\/uploads\/2021\/09\/DSC01876-2048x1536.jpg 2048w\" sizes=\"(max-width: 2500px) 100vw, 2500px\" \/><\/a><\/figure><\/li><li class=\"blocks-gallery-item\"><figure><a href=\"https:\/\/feuerwehr-rehau.de\/wp-content\/uploads\/2021\/09\/DSC01880-scaled.jpg\"><img decoding=\"async\" width=\"2500\" height=\"1875\" src=\"https:\/\/feuerwehr-rehau.de\/wp-content\/uploads\/2021\/09\/DSC01880-2500x1875.jpg\" alt=\"\" data-id=\"4911\" data-full-url=\"https:\/\/feuerwehr-rehau.de\/wp-content\/uploads\/2021\/09\/DSC01880-scaled.jpg\" data-link=\"https:\/\/feuerwehr-rehau.de\/?attachment_id=4911\" class=\"wp-image-4911\" srcset=\"https:\/\/feuerwehr-rehau.de\/wp-content\/uploads\/2021\/09\/DSC01880-2500x1875.jpg 2500w, https:\/\/feuerwehr-rehau.de\/wp-content\/uploads\/2021\/09\/DSC01880-1600x1200.jpg 1600w, https:\/\/feuerwehr-rehau.de\/wp-content\/uploads\/2021\/09\/DSC01880-1536x1152.jpg 1536w, https:\/\/feuerwehr-rehau.de\/wp-content\/uploads\/2021\/09\/DSC01880-2048x1536.jpg 2048w\" sizes=\"(max-width: 2500px) 100vw, 2500px\" \/><\/a><\/figure><\/li><li class=\"blocks-gallery-item\"><figure><a href=\"https:\/\/feuerwehr-rehau.de\/wp-content\/uploads\/2021\/09\/DSC01878-scaled.jpg\"><img decoding=\"async\" width=\"2500\" height=\"1875\" src=\"https:\/\/feuerwehr-rehau.de\/wp-content\/uploads\/2021\/09\/DSC01878-2500x1875.jpg\" alt=\"\" data-id=\"4909\" data-full-url=\"https:\/\/feuerwehr-rehau.de\/wp-content\/uploads\/2021\/09\/DSC01878-scaled.jpg\" data-link=\"https:\/\/feuerwehr-rehau.de\/?attachment_id=4909\" class=\"wp-image-4909\" srcset=\"https:\/\/feuerwehr-rehau.de\/wp-content\/uploads\/2021\/09\/DSC01878-2500x1875.jpg 2500w, https:\/\/feuerwehr-rehau.de\/wp-content\/uploads\/2021\/09\/DSC01878-1600x1200.jpg 1600w, https:\/\/feuerwehr-rehau.de\/wp-content\/uploads\/2021\/09\/DSC01878-1536x1152.jpg 1536w, https:\/\/feuerwehr-rehau.de\/wp-content\/uploads\/2021\/09\/DSC01878-2048x1536.jpg 2048w\" sizes=\"(max-width: 2500px) 100vw, 2500px\" \/><\/a><\/figure><\/li><\/ul><\/figure>\n","protected":false},"excerpt":{"rendered":"<p>HLF 16\/20 Hilfeleistungsl\u00f6schfahrzeug Florian Rehau 40\/1 Mercedes Benz Atego 1328 Baujahr 2001 Als drittes Fahrzeug im L\u00f6schzug sowie als Erstfahrzeug im R\u00fcstzug r\u00fcckt in der Regel das HLF 16\/20 aus. Bei diversen technischen Hilfeleistungen, wie z.B. Kraftstoff aus PKW usw., f\u00e4hrt das HLF meist allein.&nbsp; THL-Beladung: Spreizer Weber SP 60, Schere Weber RSX 200-107, 1 [&hellip;]<\/p>\n","protected":false},"author":4,"featured_media":0,"parent":4795,"menu_order":5,"comment_status":"closed","ping_status":"closed","template":"","meta":{"footnotes":""},"class_list":["post-160","page","type-page","status-publish","czr-hentry"],"_links":{"self":[{"href":"https:\/\/feuerwehr-rehau.de\/index.php?rest_route=\/wp\/v2\/pages\/160","targetHints":{"allow":["GET"]}}],"collection":[{"href":"https:\/\/feuerwehr-rehau.de\/index.php?rest_route=\/wp\/v2\/pages"}],"about":[{"href":"https:\/\/feuerwehr-rehau.de\/index.php?rest_route=\/wp\/v2\/types\/page"}],"author":[{"embeddable":true,"href":"https:\/\/feuerwehr-rehau.de\/index.php?rest_route=\/wp\/v2\/users\/4"}],"replies":[{"embeddable":true,"href":"https:\/\/feuerwehr-rehau.de\/index.php?rest_route=%2Fwp%2Fv2%2Fcomments&post=160"}],"version-history":[{"count":13,"href":"https:\/\/feuerwehr-rehau.de\/index.php?rest_route=\/wp\/v2\/pages\/160\/revisions"}],"predecessor-version":[{"id":4913,"href":"https:\/\/feuerwehr-rehau.de\/index.php?rest_route=\/wp\/v2\/pages\/160\/revisions\/4913"}],"up":[{"embeddable":true,"href":"https:\/\/feuerwehr-rehau.de\/index.php?rest_route=\/wp\/v2\/pages\/4795"}],"wp:attachment":[{"href":"https:\/\/feuerwehr-rehau.de\/index.php?rest_route=%2Fwp%2Fv2%2Fmedia&parent=160"}],"curies":[{"name":"wp","href":"https:\/\/api.w.org\/{rel}","templated":true}]}}