{"id":8724,"date":"2025-07-19T11:35:28","date_gmt":"2025-07-19T09:35:28","guid":{"rendered":"https:\/\/feuerwehr-rehau.de\/?page_id=8724"},"modified":"2025-07-19T11:35:29","modified_gmt":"2025-07-19T09:35:29","slug":"5-die-geraetehaeuser-seit-1865","status":"publish","type":"page","link":"https:\/\/feuerwehr-rehau.de\/?page_id=8724","title":{"rendered":"5. Die Ger\u00e4teh\u00e4user seit 1865"},"content":{"rendered":"\n<p style=\"color: red;\">\nDie ersten 100 Jahre ohne richtige Heimat\n<\/p>\n\n\n\n\n\n<p>1865 wurde die Rehauer Feuerwehr gegr\u00fcndet. Dann hat es allerdings ein Jahrhundert gedauert, bis die Wehr eine richtige Heimat gefunden hat. In den ersten 100 Jahren ihres Bestehens musste sich die Rehauer Wehr mit \u00dcbergangsl\u00f6sungen zufriedengeben oder das Geb\u00e4ude mit anderen Einrichtungen teilen. Erst im Jahre 1965 erhielt die Feuerwehr in der Goethestra\u00dfe ihre eigene Bleibe.<\/p>\n\n\n\n<p>Bis dahin wurden die Ger\u00e4te in R\u00e4umlichkeiten des damaligen Rathauses am Maxplatz untergestellt. Im R\u00fcckgeb\u00e4ude in der Schulstra\u00dfe, dem heutigen Museumszentrum fand unter anderem die Magirus Motorspritze aus dem Jahr 1922 ihren Stellplatz.<\/p>\n\n\n\n<figure class=\"wp-block-gallery has-nested-images columns-default is-cropped wp-block-gallery-1 is-layout-flex wp-block-gallery-is-layout-flex\">\n<figure class=\"wp-block-image size-large is-style-default\"><a href=\"https:\/\/feuerwehr-rehau.de\/wp-content\/uploads\/2025\/07\/IMG_5168.jpeg\"><img decoding=\"async\" width=\"1565\" height=\"697\" data-id=\"8739\" src=\"https:\/\/feuerwehr-rehau.de\/wp-content\/uploads\/2025\/07\/IMG_5168.jpeg\" alt=\"\" class=\"wp-image-8739\" srcset=\"https:\/\/feuerwehr-rehau.de\/wp-content\/uploads\/2025\/07\/IMG_5168.jpeg 1565w, https:\/\/feuerwehr-rehau.de\/wp-content\/uploads\/2025\/07\/IMG_5168-1536x684.jpeg 1536w\" sizes=\"(max-width: 1565px) 100vw, 1565px\" \/><\/a><\/figure>\n<\/figure>\n\n\n\n<p>Andere Ger\u00e4tschaften wurden im damaligen Bauhof in der N\u00e4he des heutigen Friedhofes untergestellt. F\u00fcr Versammlungen und Unterrichte fand man sich in den Rehauer Gastst\u00e4tten und S\u00e4len der anderen Vereine ein. Im Jahre 1910 gab es, laut der Chronik der Feuerwehr Rehau, bereits erste Planungen f\u00fcr ein eigenes Feuerwehrhaus, jedoch wurden diese nie konkreter an-gegangen.<\/p>\n\n\n\n<p>Schlie\u00dflich erkannte man in den 1930er Jahren, dass die Unterbringung der Feuerwehr nicht mehr zeitgem\u00e4\u00df ist und so begannen die Planungen eines Ger\u00e4tehauses, damals in Verbindung mit der Unterbringung der Sanit\u00e4tskolonne des Roten Kreuzes.<\/p>\n\n\n\n<p>Die Planungen der Stadt Rehau beabsichtigten den Neubau eines Ger\u00e4tehauses mit acht Stellpl\u00e4tzen und einem Schlauchtrockenturm. Angedacht war das Geb\u00e4ude in dem Bereich, an dem der Sozialtrakt und der \u00dcbungsturm der heutigen Feuerwache steht. Im Zuge dessen sollte die Kr\u00f6tenseestra\u00dfe \u00fcber den H\u00f6llbach verl\u00e4ngert werden und sich am neuen Ger\u00e4tehaus mit der Goethestra\u00dfe kreuzen. Bekanntlich wurde aus diesen Planungen, die Unterlagen stammen aus dem Jahr 1938, nichts. Der Grund daf\u00fcr war der Ausbruch des Zweiten Weltkrieges.<\/p>\n\n\n\n<hr class=\"wp-block-separator has-alpha-channel-opacity\"\/>\n\n\n\n<p>Zehn Jahre sollten vergehen, bis sich eine neue L\u00f6sung f\u00fcr die Rehauer Wehr abzeichnete. Aus dem Jahre 1947 stammen Planungen f\u00fcr den Neubau einer Fahrzeug- und Ger\u00e4tehalle auf dem Gel\u00e4nde der Stadtwerke in der Bahnhofstra\u00dfe, die sowohl auch f\u00fcr die Feuerwehr, aber auch f\u00fcr den Fuhrpark der Stadtwerke Heimat werden sollte. Mit der Umsetzung dieser Planung in den Folgejahren bekam nun die Feuerwehr eigene R\u00e4umlichkeiten, um zumindest den Fuhrpark unterzubringen. Bedeutend einfacher als die Planungen aus den 1930er Jahren wurde der Bau nun endlich umgesetzt. F\u00fcr die Feuerwehr waren ein gro\u00dfer Stellplatz und vier Kleinere vorgesehen, auf denen die Magirus Motorspritze und diverse Anh\u00e4nger und Handdruckspritzen Platz fanden.<\/p>\n\n\n\n<figure class=\"wp-block-gallery has-nested-images columns-default is-cropped wp-block-gallery-2 is-layout-flex wp-block-gallery-is-layout-flex\">\n<figure class=\"wp-block-image size-large\"><a href=\"https:\/\/feuerwehr-rehau.de\/wp-content\/uploads\/2025\/07\/IMG_5169.jpeg\"><img decoding=\"async\" width=\"1256\" height=\"692\" data-id=\"8740\" src=\"https:\/\/feuerwehr-rehau.de\/wp-content\/uploads\/2025\/07\/IMG_5169.jpeg\" alt=\"\" class=\"wp-image-8740\"\/><\/a><\/figure>\n<\/figure>\n\n\n\n<p> Unumg\u00e4nglich war diese L\u00f6sung, da in den Folgejahren sowohl ein Lkw aus Wehrmachtsbest\u00e4nden als auch ein neues Tankl\u00f6schfahrzeug im Jahre 1950 angeschafft wurden, und so den Raumbedarf der Wehr deutlich erh\u00f6hte. Aufenthaltsr\u00e4ume waren in diesem Geb\u00e4ude wiederum nicht vorhanden. Diese Halle stand, mit einer Erweiterung in den 1960er Jahren bis vor wenigen Jahren just an der Stelle, an der nun die neue Feuerwache errichtet wurde. Das Gel\u00e4nde in der Bahnhofstra\u00dfe hat daher eine lange Tradition in der Chronik der Rehauer Wehr. 1958 wurde ein weiteres L\u00f6schfahrzeug auf Borgward angeschafft, so dass dieses Geb\u00e4ude dem stetigen Raumbedarf der Wehr nicht mehr Rechnung tragen konnte. Es begannen die Planungen f\u00fcr den Neubau eines Ger\u00e4tehauses\u2026<\/p>\n\n\n\n<figure class=\"wp-block-gallery has-nested-images columns-default is-cropped wp-block-gallery-3 is-layout-flex wp-block-gallery-is-layout-flex\">\n<figure class=\"wp-block-image size-large\"><a href=\"https:\/\/feuerwehr-rehau.de\/wp-content\/uploads\/2025\/07\/IMG_5178.jpeg\"><img decoding=\"async\" width=\"1223\" height=\"926\" data-id=\"8736\" src=\"https:\/\/feuerwehr-rehau.de\/wp-content\/uploads\/2025\/07\/IMG_5178.jpeg\" alt=\"\" class=\"wp-image-8736\"\/><\/a><figcaption class=\"wp-element-caption\">Gruppe der Leistungspr\u00fcfung<\/figcaption><\/figure>\n\n\n\n<figure class=\"wp-block-image size-large\"><a href=\"https:\/\/feuerwehr-rehau.de\/wp-content\/uploads\/2025\/07\/IMG_5179.jpeg\"><img decoding=\"async\" width=\"1463\" height=\"874\" data-id=\"8735\" src=\"https:\/\/feuerwehr-rehau.de\/wp-content\/uploads\/2025\/07\/IMG_5179.jpeg\" alt=\"\" class=\"wp-image-8735\"\/><\/a><figcaption class=\"wp-element-caption\">L\u00f6schfahrzeug auf Borgward<\/figcaption><\/figure>\n\n\n\n<figure class=\"wp-block-image size-large\"><a href=\"https:\/\/feuerwehr-rehau.de\/wp-content\/uploads\/2025\/07\/IMG_5180.jpeg\"><img decoding=\"async\" width=\"1533\" height=\"926\" data-id=\"8734\" src=\"https:\/\/feuerwehr-rehau.de\/wp-content\/uploads\/2025\/07\/IMG_5180.jpeg\" alt=\"\" class=\"wp-image-8734\"\/><\/a><figcaption class=\"wp-element-caption\">Mannschaft<\/figcaption><\/figure>\n<\/figure>\n\n\n\n<hr class=\"wp-block-separator has-alpha-channel-opacity\"\/>\n\n\n\n<p style=\"color: red;\">\nEin neues Ger\u00e4tehaus muss her&#8230;\n<\/p>\n\n\n\n\n<p>Zum 100-j\u00e4hrigen Jubil\u00e4um wurde der Wehr ein Ger\u00e4tehaus mit Verwaltungsgeb\u00e4ude und ein Vier-Familien-Wohnhaus von der Stadt errichtet. In der Goethestra\u00dfe auf dem Gel\u00e4nde eines Spielplatzes und einer kleinen Parkanlage fand die Rehauer Wehr nun ihre Heimat. Dieser Neubau sollte als Musterbau f\u00fcr viele Wehren dienen und wurde so in der Zeitschrift \u201eBrandwacht&#8220; des Landesamtes f\u00fcr Brand- und Katastrophenschutz beschrieben. <strong>\u201eZweck-m\u00e4\u00dfig und ohne Luxus\u201c<\/strong> wurde der Bau im damaligen Bericht der Frankenpost eingestuft.<\/p>\n\n\n\n<figure class=\"wp-block-gallery has-nested-images columns-default is-cropped wp-block-gallery-4 is-layout-flex wp-block-gallery-is-layout-flex\">\n<figure class=\"wp-block-image size-large\"><a href=\"https:\/\/feuerwehr-rehau.de\/wp-content\/uploads\/2024\/07\/K1600_Geraetehaus-Rehau-1965-Brandwacht-1.jpg\"><img decoding=\"async\" width=\"1200\" height=\"1657\" data-id=\"7249\" src=\"https:\/\/feuerwehr-rehau.de\/wp-content\/uploads\/2024\/07\/K1600_Geraetehaus-Rehau-1965-Brandwacht-1.jpg\" alt=\"\" class=\"wp-image-7249\" srcset=\"https:\/\/feuerwehr-rehau.de\/wp-content\/uploads\/2024\/07\/K1600_Geraetehaus-Rehau-1965-Brandwacht-1.jpg 1200w, https:\/\/feuerwehr-rehau.de\/wp-content\/uploads\/2024\/07\/K1600_Geraetehaus-Rehau-1965-Brandwacht-1-1159x1600.jpg 1159w, https:\/\/feuerwehr-rehau.de\/wp-content\/uploads\/2024\/07\/K1600_Geraetehaus-Rehau-1965-Brandwacht-1-1112x1536.jpg 1112w\" sizes=\"(max-width: 1200px) 100vw, 1200px\" \/><\/a><figcaption class=\"wp-element-caption\">Bericht der Brandwacht<\/figcaption><\/figure>\n\n\n\n<figure class=\"wp-block-image size-large\"><a href=\"https:\/\/feuerwehr-rehau.de\/wp-content\/uploads\/2024\/07\/K1600_Geraetehaus-Rehau-1965-Brandwacht-3.jpg\"><img decoding=\"async\" width=\"1200\" height=\"1655\" data-id=\"7248\" src=\"https:\/\/feuerwehr-rehau.de\/wp-content\/uploads\/2024\/07\/K1600_Geraetehaus-Rehau-1965-Brandwacht-3.jpg\" alt=\"\" class=\"wp-image-7248\" srcset=\"https:\/\/feuerwehr-rehau.de\/wp-content\/uploads\/2024\/07\/K1600_Geraetehaus-Rehau-1965-Brandwacht-3.jpg 1200w, https:\/\/feuerwehr-rehau.de\/wp-content\/uploads\/2024\/07\/K1600_Geraetehaus-Rehau-1965-Brandwacht-3-1160x1600.jpg 1160w, https:\/\/feuerwehr-rehau.de\/wp-content\/uploads\/2024\/07\/K1600_Geraetehaus-Rehau-1965-Brandwacht-3-1114x1536.jpg 1114w\" sizes=\"(max-width: 1200px) 100vw, 1200px\" \/><\/a><figcaption class=\"wp-element-caption\">Bericht der Brandwacht<\/figcaption><\/figure>\n\n\n\n<figure class=\"wp-block-image size-large\"><a href=\"https:\/\/feuerwehr-rehau.de\/wp-content\/uploads\/2024\/07\/K1600_Geraetehaus-Rehau-1965-Brandwacht-2.jpg\"><img decoding=\"async\" width=\"1200\" height=\"1651\" data-id=\"7246\" src=\"https:\/\/feuerwehr-rehau.de\/wp-content\/uploads\/2024\/07\/K1600_Geraetehaus-Rehau-1965-Brandwacht-2.jpg\" alt=\"\" class=\"wp-image-7246\" srcset=\"https:\/\/feuerwehr-rehau.de\/wp-content\/uploads\/2024\/07\/K1600_Geraetehaus-Rehau-1965-Brandwacht-2.jpg 1200w, https:\/\/feuerwehr-rehau.de\/wp-content\/uploads\/2024\/07\/K1600_Geraetehaus-Rehau-1965-Brandwacht-2-1163x1600.jpg 1163w, https:\/\/feuerwehr-rehau.de\/wp-content\/uploads\/2024\/07\/K1600_Geraetehaus-Rehau-1965-Brandwacht-2-1116x1536.jpg 1116w\" sizes=\"(max-width: 1200px) 100vw, 1200px\" \/><\/a><figcaption class=\"wp-element-caption\">Bericht der Brandwacht<\/figcaption><\/figure>\n<\/figure>\n\n\n\n<figure class=\"wp-block-image size-full is-resized\"><a href=\"https:\/\/feuerwehr-rehau.de\/wp-content\/uploads\/2025\/07\/IMG_5181.jpeg\"><img decoding=\"async\" width=\"2146\" height=\"1407\" src=\"https:\/\/feuerwehr-rehau.de\/wp-content\/uploads\/2025\/07\/IMG_5181.jpeg\" alt=\"\" class=\"wp-image-8737\" style=\"width:380px;height:auto\" srcset=\"https:\/\/feuerwehr-rehau.de\/wp-content\/uploads\/2025\/07\/IMG_5181.jpeg 2146w, https:\/\/feuerwehr-rehau.de\/wp-content\/uploads\/2025\/07\/IMG_5181-1600x1049.jpeg 1600w, https:\/\/feuerwehr-rehau.de\/wp-content\/uploads\/2025\/07\/IMG_5181-1536x1007.jpeg 1536w, https:\/\/feuerwehr-rehau.de\/wp-content\/uploads\/2025\/07\/IMG_5181-2048x1343.jpeg 2048w\" sizes=\"(max-width: 2146px) 100vw, 2146px\" \/><\/a><figcaption class=\"wp-element-caption\">Ger\u00e4tehaus in der Goethestra\u00dfe<\/figcaption><\/figure>\n\n\n\n<a id=\"rahmendaten1964\"><\/a>\n<div style=\"font-family: 'Courier New', monospace;\">\n  Rahmendaten:<br>\n  &#8211; 21.01.1964 Beschluss des Rehauer Stadtrates \u00fcber den Neubau an der Goethestra\u00dfe<br>\n  &#8211; 26.07.1964 Spatenstich durch den 1. B\u00fcrgermeister Gustav Stand und Kommandant Waldemar Ehm<br>\n  &#8211; 14.08.1964 Grundsteinlegung durch B\u00fcrgermeister Gustav Stand mit den Worten \u201eZur Ehre unserer Rehauer Freiwilligen Feuerwehr, zum Schutze unserer Heimat und zur Sicherheit unserer gesamten Bev\u00f6lkerung\u201c<br>\n  &#8211; 20.11.1964 Richtfest<br>\n  &#8211; 31.07.1965 Einweihung<br><br>\n\n  Baukosten:\u00a0 \u00a0 \u00a0 \u00a0 \u00a0 \u00a0 \u00a0 \u00a0 \u00a0 750.000 DM<br>\n  Zuschuss Freistaat Bayern:\u00a0 153.000 DM<br>\n  Grundst\u00fcck:\u00a0 \u00a0 \u00a0 \u00a0 \u00a0 \u00a0 \u00a0 \u00a0 \u00a01.937 m\u00b3<br>\n  Umbauter Raum Ger\u00e4tehaus:\u00a0 \u00a03.550 m\u00b3<br>\n  Umbauter Raum Wohnhaus:\u00a0 \u00a0 \u00a01.700 m\u00b3\n<\/div>\n\n\n\n\n<p><\/p>\n\n\n\n<p>Im Rehauer Tagblatt wird der Bau wie folgt beschrieben: <\/p>\n\n\n\n<a id=\"zeitungsbericht1965\"><\/a>\n<div style=\"font-family: 'Georgia', 'Times New Roman', serif; font-size: 1.05rem; line-height: 1.6; text-align: justify; max-width: 800px; margin: 2em auto; padding: 1em;\">\n  <p><strong>\u201eDas Ger\u00e4tehaus wird etwa 50 Meter lang und 13,5 Meter tief.<\/strong> Ganz links ist der Schlauchtrockenturm mit einer H\u00f6he von 17\u202fm, um den sich ein Nebenraum, das Schlauchlager und Ger\u00e4ter\u00e4ume anschlie\u00dfen. Nach rechts schlie\u00dfen sich sechs Fahrzeughallen an, von denen eine mit einer begehbaren Montagegrube ausgestattet wird. Alle Hallen werden vom Wohnhaus aus zentral beheizt. Die Ausfahrt aus allen Hallen geht in die Goethestra\u00dfe. Die gesamte Fl\u00e4che vor dem Ger\u00e4tehaus wird asphaltiert. Durch diese Anordnung ist bei einem Alarm die gr\u00f6\u00dfte Einsatzbereitschaft der Wehr gesichert.<\/p>\n\n  <p>Im Kellergeschoss unter den Fahrzeughallen ist eine Schlauchwaschanlage vorgesehen. Die Schl\u00e4uche werden nach dem Einsatz durch einen Schacht von au\u00dfen in den Keller abgeworfen, gereinigt und in den Turm zum Trocknen gezogen. Im Turm ist eine Wendeltreppe, durch die man bis zur Spitze aufsteigen kann. Eine Schlauchreparaturwerkstatt ist ebenfalls im Kellergeschoss vorgesehen.<\/p>\n\n  <p>An die Fahrzeughallen schlie\u00dft sich nach rechts ein zweigeschossiger Geb\u00e4udeteil an, der im Erdgeschoss eine Werkstatt, einen Wachraum, einen Uniformraum, ein Kommandantenzimmer sowie einen Waschraum, Umkleideraum und sanit\u00e4re Einrichtungen aufnimmt. Im ersten Stock befindet sich ein gro\u00dfer Schulungsraum mit Sitzgelegenheiten f\u00fcr etwa 80 Personen sowie ein kleinerer Gruppenraum f\u00fcr Gruppenabende und Sitzungen des Verwaltungsrates.<\/p>\n\n  <p>Das Wohnhaus ist f\u00fcr vier Familien aktiver Wehrm\u00e4nner gedacht. Es sind je zwei Wohnungen mit 85\u202fm\u00b2 und zwei mit 73\u202fm\u00b2 geplant.<\/p>\n<\/div>\n\n\n\n<figure class=\"wp-block-gallery has-nested-images columns-default is-cropped wp-block-gallery-5 is-layout-flex wp-block-gallery-is-layout-flex\">\n<figure class=\"wp-block-image size-large\"><img decoding=\"async\" width=\"2109\" height=\"1090\" data-id=\"8730\" src=\"https:\/\/feuerwehr-rehau.de\/wp-content\/uploads\/2025\/07\/IMG_5187.jpeg\" alt=\"\" class=\"wp-image-8730\" srcset=\"https:\/\/feuerwehr-rehau.de\/wp-content\/uploads\/2025\/07\/IMG_5187.jpeg 2109w, https:\/\/feuerwehr-rehau.de\/wp-content\/uploads\/2025\/07\/IMG_5187-1600x827.jpeg 1600w, https:\/\/feuerwehr-rehau.de\/wp-content\/uploads\/2025\/07\/IMG_5187-1536x794.jpeg 1536w, https:\/\/feuerwehr-rehau.de\/wp-content\/uploads\/2025\/07\/IMG_5187-2048x1058.jpeg 2048w\" sizes=\"(max-width: 2109px) 100vw, 2109px\" \/><figcaption class=\"wp-element-caption\">Draufsicht auf das Ger\u00e4tehaus<\/figcaption><\/figure>\n\n\n\n<figure class=\"wp-block-image size-large\"><img decoding=\"async\" width=\"2165\" height=\"1079\" data-id=\"8729\" src=\"https:\/\/feuerwehr-rehau.de\/wp-content\/uploads\/2025\/07\/IMG_5188.jpeg\" alt=\"\" class=\"wp-image-8729\" srcset=\"https:\/\/feuerwehr-rehau.de\/wp-content\/uploads\/2025\/07\/IMG_5188.jpeg 2165w, https:\/\/feuerwehr-rehau.de\/wp-content\/uploads\/2025\/07\/IMG_5188-1600x797.jpeg 1600w, https:\/\/feuerwehr-rehau.de\/wp-content\/uploads\/2025\/07\/IMG_5188-1536x766.jpeg 1536w, https:\/\/feuerwehr-rehau.de\/wp-content\/uploads\/2025\/07\/IMG_5188-2048x1021.jpeg 2048w\" sizes=\"(max-width: 2165px) 100vw, 2165px\" \/><figcaption class=\"wp-element-caption\">Frontansicht des Ger\u00e4tehauses<\/figcaption><\/figure>\n<\/figure>\n\n\n\n<hr class=\"wp-block-separator has-alpha-channel-opacity\"\/>\n\n\n\n<p style=\"color: red;\">\nNach 15 Jahren&#8230; zu wenig Platz!\n<\/p>\n\n\n\n\n<p>Bereits 1977 gab es seitens der Feuerwehr erste Planungen f\u00fcr die Erweiterung des Ger\u00e4tehauses. Auf der Jahreshauptversammlung der Rehauer Wehr Anfang 1980 f\u00fchre Kommandant Helmut Pelz aus: <strong>\u201eWer h\u00e4tte beim Bau eines Ger\u00e4tehauses vor 15 Jahren schon geglaubt, schon bald wieder in Raumnot zu geraten zu k\u00f6nnen. Wer h\u00e4tte damals gedacht, dass viele neue Ger\u00e4te erforderlich w\u00fcrden, dass Katastrophenschutz und technischer Hilfsdienst auf und zu kommen.\u201c<\/strong><\/p>\n\n\n\n<p>Aufgrund der steigenden Anforderungen an die Rehauer Wehr und den vergr\u00f6\u00dferten Fuhrpark erfolgte nun im Jahr 1980 die Planung eines Eweiterungsbaus an der Westseite, links an den Schlauchturm mit drei weiteren Stellpl\u00e4tzen und einer separaten Waschalle inkl. Werkstattgrube. <\/p>\n\n\n\n<a id=\"rahmendaten1980\"><\/a>\n<div style=\"font-family: 'Courier New', monospace;\">\n  Rahmendaten:<br>\n  &#8211; 15.01.1980 Besichtigung des Ger\u00e4tehauses durch B\u00fcrgermeister und Stadtrat<br>\n  &#8211; 22.10.1980 Beginn der Bauarbeiten f\u00fcr den Anbau<br>\n  &#8211; 22.05.1981 Richtfest<br>\n  &#8211; September 1981 Einweihung des Erweiterungsbaus<br><br>\n\n  Baukosten:\u00a0 \u00a0 \u00a0 \u00a0 \u00a0 \u00a0 \u00a0 \u00a0 \u00a0 625.000 DM<br>\n  Zuschuss Freistaat Bayern:\u00a0 202.000 DM<br>\n  Grundst\u00fcck:\u00a0 \u00a0 \u00a0 \u00a0 \u00a0 \u00a0 \u00a0 \u00a0 \u00a0406 m\u00b2<br>\n  Umbauter Raum Ger\u00e4tehaus:\u00a0 \u00a01.850 m\u00b3\n<\/div>\n\n\n\n\n<p><\/p>\n\n\n\n<p>Durch den voll unterkellerten Anbau konnte im Jahr 1983 in diesen R\u00e4umlichkeiten das Rehauer Feuerwehrmuseum im Keller er\u00f6ffnet werden.<\/p>\n\n\n\n<figure class=\"wp-block-gallery has-nested-images columns-default is-cropped wp-block-gallery-6 is-layout-flex wp-block-gallery-is-layout-flex\">\n<figure class=\"wp-block-image size-large\"><a href=\"https:\/\/feuerwehr-rehau.de\/wp-content\/uploads\/2025\/07\/f42f376d-79af-4640-ab62-fb8fc4f3f5a7.jpeg\"><img decoding=\"async\" width=\"1280\" height=\"960\" data-id=\"8741\" src=\"https:\/\/feuerwehr-rehau.de\/wp-content\/uploads\/2025\/07\/f42f376d-79af-4640-ab62-fb8fc4f3f5a7.jpeg\" alt=\"\" class=\"wp-image-8741\"\/><\/a><figcaption class=\"wp-element-caption\">Fuhrpark vor dem neuen Ger\u00e4tehaus mit Erweiterung<\/figcaption><\/figure>\n\n\n\n<figure class=\"wp-block-image size-large\"><a href=\"https:\/\/feuerwehr-rehau.de\/wp-content\/uploads\/2025\/07\/IMG_5189.jpeg\"><img decoding=\"async\" width=\"1657\" height=\"1137\" data-id=\"8728\" src=\"https:\/\/feuerwehr-rehau.de\/wp-content\/uploads\/2025\/07\/IMG_5189.jpeg\" alt=\"\" class=\"wp-image-8728\" srcset=\"https:\/\/feuerwehr-rehau.de\/wp-content\/uploads\/2025\/07\/IMG_5189.jpeg 1657w, https:\/\/feuerwehr-rehau.de\/wp-content\/uploads\/2025\/07\/IMG_5189-1600x1098.jpeg 1600w, https:\/\/feuerwehr-rehau.de\/wp-content\/uploads\/2025\/07\/IMG_5189-1536x1054.jpeg 1536w\" sizes=\"(max-width: 1657px) 100vw, 1657px\" \/><\/a><figcaption class=\"wp-element-caption\">Neue Tore<\/figcaption><\/figure>\n\n\n\n<figure class=\"wp-block-image size-large\"><a href=\"https:\/\/feuerwehr-rehau.de\/wp-content\/uploads\/2025\/07\/IMG_5190.jpeg\"><img decoding=\"async\" width=\"1546\" height=\"1194\" data-id=\"8732\" src=\"https:\/\/feuerwehr-rehau.de\/wp-content\/uploads\/2025\/07\/IMG_5190.jpeg\" alt=\"\" class=\"wp-image-8732\" srcset=\"https:\/\/feuerwehr-rehau.de\/wp-content\/uploads\/2025\/07\/IMG_5190.jpeg 1546w, https:\/\/feuerwehr-rehau.de\/wp-content\/uploads\/2025\/07\/IMG_5190-1536x1186.jpeg 1536w\" sizes=\"(max-width: 1546px) 100vw, 1546px\" \/><\/a><figcaption class=\"wp-element-caption\">Aufsetzen des Dachstuhlss<\/figcaption><\/figure>\n<\/figure>\n\n\n\n<hr class=\"wp-block-separator has-alpha-channel-opacity\"\/>\n\n\n\n<p style=\"color: red;\">\nLangsam wird\u00b4s knapp..\n<\/p>\n\n\n\n\n<p>Ein neuer Standort wird gesucht<\/p>\n\n\n\n<p>Dieser Geb\u00e4udekomplex hat bis heute Bestand. Lediglich im Inneren fanden immer wieder Umbauten statt. Insbesondere durch Finanzierung des Feuerwehrvereins und viele Stunden Eigenleistung wurden die R\u00e4umlichkeiten immer wieder an den Bestand angepasst. Eine Werkstatt f\u00fcr Atemschutz wurde eingebaut, einige Jahre sp\u00e4ter um einen Raum f\u00fcr den Chemieschutz erweitert. Im Dachboden wurde eine Kleiderkammer eingebaut und auch die verschiedenen Aufenthaltsr\u00e4ume wurden immer wieder erneuert. Allerdings st\u00f6\u00dft der Bau sp\u00e4testens zum Jahrtausendwechsel an seine r\u00e4umlichen Grenzen. Die Gr\u00f6\u00dfe der Fahrzeuge und das immens gestiegene Aufgabenspektrum erfordern auch einen wesentlich gr\u00f6\u00dferen Platzbedarf. Eine fehlende Absaugung in der Fahrzeughalle und Umkleidem\u00f6glichkeiten hinter den Fahrzeugen entsprechen nicht mehr den geltenden Vorschriften. Ein Gro\u00dfteil der Haustechnik stammt noch aus der Ursprungszeit aus den 1960er Jahren. Verschiedene H\u00f6henunterschiede innerhalb des Geb\u00e4udes erschwerten zu dem den Transport von Material und Ger\u00e4t. 2016 erfolgte zwischenzeitlich die Aufl\u00f6sung eines Fahrzeugstellplatzes, der zu einer Umkleide f\u00fcr die Einsatzkleidung umgebaut wurde. Die Platznot, insbesondere f\u00fcr den Fuhrpark, wurde dadurch nochmals versch\u00e4rft. Bereits im Jahre 2009 begannen konkretere Planungen und Gespr\u00e4che \u00fcber den Neubau einer Feuerwache. Zun\u00e4chst einmal besch\u00e4ftigen sich die Verantwortlichen mit dem Gedanken, den bestehenden Bau zu sanieren und zu erweitern. Schnell wurde diese Planung jedoch wieder verworfen, weil der Platzbedarf und die geltenden Vorschriften an diesem Standort nicht zu realisieren waren. Also begab man sich auf die Suche nach einem neuen Standort. Das Gel\u00e4nde der Stadtwerke in der Bahnhofstra\u00dfe, ein Neubau an der B289 im Bereich der Bourgoin-Jallieu-Br\u00fccke oder im Bereich oberhalb des Freibades an der Baukondukteur-Baumann-Allee waren die Optionen. Mittels Anfahrtsproben kristallisierte sich schlie\u00dflich der Standort in der Bahnhofstra\u00dfe als erste Wahl heraus, da sich hier die An- und Abfahrtszeiten im Einsatzfall nicht nennenswert ver\u00e4nderten und sich so ein deutlicher Vorteil gegen\u00fcber den anderen Standortoptionen entwickelte. <strong>Die offizielle Festlegung auf den Standort auf dem Gel\u00e4nde der Stadtwerke fiel schlie\u00dflich 2013 im Rehauer Stadtrat.<\/strong><\/p>\n\n\n\n<figure class=\"wp-block-gallery has-nested-images columns-default is-cropped wp-block-gallery-7 is-layout-flex wp-block-gallery-is-layout-flex\">\n<figure class=\"wp-block-image size-large\"><a href=\"https:\/\/feuerwehr-rehau.de\/wp-content\/uploads\/2025\/07\/IMG_5194.jpeg\"><img decoding=\"async\" width=\"1608\" height=\"1098\" data-id=\"8725\" src=\"https:\/\/feuerwehr-rehau.de\/wp-content\/uploads\/2025\/07\/IMG_5194.jpeg\" alt=\"\" class=\"wp-image-8725\" srcset=\"https:\/\/feuerwehr-rehau.de\/wp-content\/uploads\/2025\/07\/IMG_5194.jpeg 1608w, https:\/\/feuerwehr-rehau.de\/wp-content\/uploads\/2025\/07\/IMG_5194-1600x1093.jpeg 1600w, https:\/\/feuerwehr-rehau.de\/wp-content\/uploads\/2025\/07\/IMG_5194-1536x1049.jpeg 1536w\" sizes=\"(max-width: 1608px) 100vw, 1608px\" \/><\/a><figcaption class=\"wp-element-caption\">Fahrzeughalle<\/figcaption><\/figure>\n\n\n\n<figure class=\"wp-block-image size-large\"><a href=\"https:\/\/feuerwehr-rehau.de\/wp-content\/uploads\/2025\/07\/IMG_5192.jpeg\"><img decoding=\"async\" width=\"1521\" height=\"1143\" data-id=\"8726\" src=\"https:\/\/feuerwehr-rehau.de\/wp-content\/uploads\/2025\/07\/IMG_5192.jpeg\" alt=\"\" class=\"wp-image-8726\"\/><\/a><figcaption class=\"wp-element-caption\">Wandbild Richtung ehm. BayWa<\/figcaption><\/figure>\n\n\n\n<figure class=\"wp-block-image size-large\"><a href=\"https:\/\/feuerwehr-rehau.de\/wp-content\/uploads\/2025\/07\/IMG_5191.jpeg\"><img decoding=\"async\" width=\"1158\" height=\"1091\" data-id=\"8727\" src=\"https:\/\/feuerwehr-rehau.de\/wp-content\/uploads\/2025\/07\/IMG_5191.jpeg\" alt=\"\" class=\"wp-image-8727\"\/><\/a><\/figure>\n<\/figure>\n\n\n\n<p>Das Ger\u00e4tehaus in der Goethestra\u00dfe war bis 2021 unser Zuhause:<\/p>\n\n\n\n<figure class=\"wp-block-gallery has-nested-images columns-default is-cropped wp-block-gallery-8 is-layout-flex wp-block-gallery-is-layout-flex\">\n<figure class=\"wp-block-image size-large\"><a href=\"https:\/\/feuerwehr-rehau.de\/wp-content\/uploads\/2025\/07\/b68517cb-3127-4158-b41d-13a797b0780e.jpg\"><img decoding=\"async\" width=\"1200\" height=\"1600\" data-id=\"8743\" src=\"https:\/\/feuerwehr-rehau.de\/wp-content\/uploads\/2025\/07\/b68517cb-3127-4158-b41d-13a797b0780e.jpg\" alt=\"\" class=\"wp-image-8743\" srcset=\"https:\/\/feuerwehr-rehau.de\/wp-content\/uploads\/2025\/07\/b68517cb-3127-4158-b41d-13a797b0780e.jpg 1200w, https:\/\/feuerwehr-rehau.de\/wp-content\/uploads\/2025\/07\/b68517cb-3127-4158-b41d-13a797b0780e-1152x1536.jpg 1152w\" sizes=\"(max-width: 1200px) 100vw, 1200px\" \/><\/a><figcaption class=\"wp-element-caption\">Enge Gegebenheiten<\/figcaption><\/figure>\n\n\n\n<figure class=\"wp-block-image size-large\"><a href=\"https:\/\/feuerwehr-rehau.de\/wp-content\/uploads\/2025\/07\/b2c9ae73-37ae-4b27-93fe-ed2797347f41.jpg\"><img decoding=\"async\" width=\"1600\" height=\"1200\" data-id=\"8744\" src=\"https:\/\/feuerwehr-rehau.de\/wp-content\/uploads\/2025\/07\/b2c9ae73-37ae-4b27-93fe-ed2797347f41.jpg\" alt=\"\" class=\"wp-image-8744\" srcset=\"https:\/\/feuerwehr-rehau.de\/wp-content\/uploads\/2025\/07\/b2c9ae73-37ae-4b27-93fe-ed2797347f41.jpg 1600w, https:\/\/feuerwehr-rehau.de\/wp-content\/uploads\/2025\/07\/b2c9ae73-37ae-4b27-93fe-ed2797347f41-1536x1152.jpg 1536w\" sizes=\"(max-width: 1600px) 100vw, 1600px\" \/><\/a><figcaption class=\"wp-element-caption\">Umkleide<\/figcaption><\/figure>\n\n\n\n<figure class=\"wp-block-image size-large\"><a href=\"https:\/\/feuerwehr-rehau.de\/wp-content\/uploads\/2025\/07\/08b0a3a2-52b5-496c-b57e-a1bbc5cda9b3.jpg\"><img decoding=\"async\" width=\"1600\" height=\"1200\" data-id=\"8745\" src=\"https:\/\/feuerwehr-rehau.de\/wp-content\/uploads\/2025\/07\/08b0a3a2-52b5-496c-b57e-a1bbc5cda9b3.jpg\" alt=\"\" class=\"wp-image-8745\" srcset=\"https:\/\/feuerwehr-rehau.de\/wp-content\/uploads\/2025\/07\/08b0a3a2-52b5-496c-b57e-a1bbc5cda9b3.jpg 1600w, https:\/\/feuerwehr-rehau.de\/wp-content\/uploads\/2025\/07\/08b0a3a2-52b5-496c-b57e-a1bbc5cda9b3-1536x1152.jpg 1536w\" sizes=\"(max-width: 1600px) 100vw, 1600px\" \/><\/a><figcaption class=\"wp-element-caption\">Enge Gegebenheiten<\/figcaption><\/figure>\n\n\n\n<figure class=\"wp-block-image size-large\"><a href=\"https:\/\/feuerwehr-rehau.de\/wp-content\/uploads\/2025\/07\/QTJM3995.jpg\"><img decoding=\"async\" width=\"1353\" height=\"711\" data-id=\"8742\" src=\"https:\/\/feuerwehr-rehau.de\/wp-content\/uploads\/2025\/07\/QTJM3995.jpg\" alt=\"\" class=\"wp-image-8742\"\/><\/a><figcaption class=\"wp-element-caption\">Letztes Gruppenbild<\/figcaption><\/figure>\n<\/figure>\n\n\n\n<p>Seit 2021 findet ihr uns &#8222;An der Feuerwache 1&#8220;<br>Bilder vom inneren der Modernen Feuerwache findet ihr hier:<\/p>\n\n\n\n<p><a href=\"https:\/\/feuerwehr-rehau.de\/?page_id=7752\"><strong>3D-Rundgang durch die Feuerwache \u2013 Feuerwehr Stadt Rehau<\/strong><\/a><\/p>\n\n\n\n<div style=\"text-align: right; font-style: italic; margin-top: 2em;\">\n  Ein Bericht von Lukas Bucher\n<\/div>\n","protected":false},"excerpt":{"rendered":"<p>Die ersten 100 Jahre ohne richtige Heimat 1865 wurde die Rehauer Feuerwehr gegr\u00fcndet. Dann hat es allerdings ein Jahrhundert gedauert, bis die Wehr eine richtige Heimat gefunden hat. In den ersten 100 Jahren ihres Bestehens musste sich die Rehauer Wehr mit \u00dcbergangsl\u00f6sungen zufriedengeben oder das Geb\u00e4ude mit anderen Einrichtungen teilen. Erst im Jahre 1965 erhielt [&hellip;]<\/p>\n","protected":false},"author":184,"featured_media":0,"parent":0,"menu_order":0,"comment_status":"closed","ping_status":"closed","template":"","meta":{"footnotes":""},"class_list":["post-8724","page","type-page","status-publish","czr-hentry"],"_links":{"self":[{"href":"https:\/\/feuerwehr-rehau.de\/index.php?rest_route=\/wp\/v2\/pages\/8724","targetHints":{"allow":["GET"]}}],"collection":[{"href":"https:\/\/feuerwehr-rehau.de\/index.php?rest_route=\/wp\/v2\/pages"}],"about":[{"href":"https:\/\/feuerwehr-rehau.de\/index.php?rest_route=\/wp\/v2\/types\/page"}],"author":[{"embeddable":true,"href":"https:\/\/feuerwehr-rehau.de\/index.php?rest_route=\/wp\/v2\/users\/184"}],"replies":[{"embeddable":true,"href":"https:\/\/feuerwehr-rehau.de\/index.php?rest_route=%2Fwp%2Fv2%2Fcomments&post=8724"}],"version-history":[{"count":6,"href":"https:\/\/feuerwehr-rehau.de\/index.php?rest_route=\/wp\/v2\/pages\/8724\/revisions"}],"predecessor-version":[{"id":8755,"href":"https:\/\/feuerwehr-rehau.de\/index.php?rest_route=\/wp\/v2\/pages\/8724\/revisions\/8755"}],"wp:attachment":[{"href":"https:\/\/feuerwehr-rehau.de\/index.php?rest_route=%2Fwp%2Fv2%2Fmedia&parent=8724"}],"curies":[{"name":"wp","href":"https:\/\/api.w.org\/{rel}","templated":true}]}}